{"id":3606005,"date":"2021-11-25T18:03:49","date_gmt":"2021-11-25T17:03:49","guid":{"rendered":"https:\/\/uraniaegerapartman.eu\/faq\/"},"modified":"2025-05-03T20:25:22","modified_gmt":"2025-05-03T18:25:22","slug":"faq","status":"publish","type":"page","link":"https:\/\/uraniaegerapartman.eu\/de\/faq\/","title":{"rendered":"FAQ"},"content":{"rendered":"\t\t<div data-elementor-type=\"wp-page\" data-elementor-id=\"3606005\" class=\"elementor elementor-3606005 elementor-3601616\" data-elementor-post-type=\"page\">\n\t\t\t\t\t\t<section class=\"elementor-section elementor-top-section elementor-element elementor-element-1686292f elementor-section-boxed elementor-section-height-default elementor-section-height-default\" data-id=\"1686292f\" data-element_type=\"section\" data-e-type=\"section\">\n\t\t\t\t\t\t<div class=\"elementor-container elementor-column-gap-default\">\n\t\t\t\t\t<div class=\"elementor-column elementor-col-50 elementor-top-column elementor-element elementor-element-6fd2e547\" data-id=\"6fd2e547\" data-element_type=\"column\" data-e-type=\"column\">\n\t\t\t<div class=\"elementor-widget-wrap elementor-element-populated\">\n\t\t\t\t\t\t<div class=\"elementor-element elementor-element-cf19af2 elementor-invisible elementor-widget elementor-widget-heading\" data-id=\"cf19af2\" data-element_type=\"widget\" data-e-type=\"widget\" data-settings=\"{&quot;_animation&quot;:&quot;fadeInLeft&quot;}\" data-widget_type=\"heading.default\">\n\t\t\t\t<div class=\"elementor-widget-container\">\n\t\t\t\t\t<h1 class=\"elementor-heading-title elementor-size-default\">H\u00e4ufig gestellte Fragen<\/h1>\t\t\t\t<\/div>\n\t\t\t\t<\/div>\n\t\t\t\t<div class=\"elementor-element elementor-element-8fbb74f elementor-invisible elementor-widget elementor-widget-toggle\" data-id=\"8fbb74f\" data-element_type=\"widget\" data-e-type=\"widget\" data-settings=\"{&quot;_animation&quot;:&quot;fadeInLeft&quot;}\" data-widget_type=\"toggle.default\">\n\t\t\t\t<div class=\"elementor-widget-container\">\n\t\t\t\t\t\t\t<div class=\"elementor-toggle\">\n\t\t\t\t\t\t\t<div class=\"elementor-toggle-item\">\n\t\t\t\t\t<div id=\"elementor-tab-title-1501\" class=\"elementor-tab-title\" data-tab=\"1\" role=\"button\" aria-controls=\"elementor-tab-content-1501\" aria-expanded=\"false\">\n\t\t\t\t\t\t\t\t\t\t\t\t<a class=\"elementor-toggle-title\" tabindex=\"0\">Wo kann man parken?<\/a>\n\t\t\t\t\t<\/div>\n\n\t\t\t\t\t<div id=\"elementor-tab-content-1501\" class=\"elementor-tab-content elementor-clearfix\" data-tab=\"1\" role=\"region\" aria-labelledby=\"elementor-tab-title-1501\"><h4>Zugang und Parken<\/h4>\n<p>Die Bewohner unserer Apartments k\u00f6nnen im <strong>Lenkey (Innenstadt) Hof parken<\/strong>. <\/p>\n<p><strong>Die Betriebszeiten der Parkpl\u00e4tze sind:<\/strong> <\/p>\n<p>Werktags: von 8:00 bis 17:00 Uhr,<br \/>Samstags: von 8:00 bis 13:00 Uhr.<br \/>Vom 1. Mai bis 30. September t\u00e4glich von 8:00 bis 18:00 Uhr.<br \/><strong>360 HUF\/Stunde<br \/>SMS-Code f\u00fcr das Parken: +36 20\/30\/70 763-3301<\/strong><\/p>\n<p>F\u00fcr weitere Informationen besuchen Sie bitte unseren Bereich &#8222;Kontakt und Parken&#8220;.<\/p>\n<\/div>\n\t\t\t\t<\/div>\n\t\t\t\t\t\t\t<div class=\"elementor-toggle-item\">\n\t\t\t\t\t<div id=\"elementor-tab-title-1502\" class=\"elementor-tab-title\" data-tab=\"2\" role=\"button\" aria-controls=\"elementor-tab-content-1502\" aria-expanded=\"false\">\n\t\t\t\t\t\t\t\t\t\t\t\t<a class=\"elementor-toggle-title\" tabindex=\"0\">Wenn Parken auf \u00f6ffentlichen Stra\u00dfen m\u00f6glich ist, wie viel kostet es?<\/a>\n\t\t\t\t\t<\/div>\n\n\t\t\t\t\t<div id=\"elementor-tab-content-1502\" class=\"elementor-tab-content elementor-clearfix\" data-tab=\"2\" role=\"region\" aria-labelledby=\"elementor-tab-title-1502\"><p><strong>Lenkey (Innenstadt) Hof<\/strong> <\/p>\n<p>Werktags: von 8:00 bis 17:00 Uhr,<br \/>Samstags: von 8:00 bis 13:00 Uhr.<br \/>Vom 1. Mai bis 30. September t\u00e4glich von 8:00 bis 18:00 Uhr.<br \/><strong>360 HUF\/Stunde<br \/>SMS-Code f\u00fcr das Parken: +36 20\/30\/70 763-3301<\/strong><\/p>\n<p><strong>Eger, Katona Platz &#8211; Parkhaus<br \/><\/strong>Unser Apartment verf\u00fcgt \u00fcber zwei eigene Parkpl\u00e4tze in der nahegelegenen Parkgarage, die wir unseren G\u00e4sten f\u00fcr 2.000 HUF pro Tag zur Verf\u00fcgung stellen k\u00f6nnen. Falls Sie dies ben\u00f6tigen, bitten wir Sie, uns im Voraus zu informieren, damit wir die Pl\u00e4tze rechtzeitig reservieren k\u00f6nnen.<\/p>\n<\/div>\n\t\t\t\t<\/div>\n\t\t\t\t\t\t\t<div class=\"elementor-toggle-item\">\n\t\t\t\t\t<div id=\"elementor-tab-title-1503\" class=\"elementor-tab-title\" data-tab=\"3\" role=\"button\" aria-controls=\"elementor-tab-content-1503\" aria-expanded=\"false\">\n\t\t\t\t\t\t\t\t\t\t\t\t<a class=\"elementor-toggle-title\" tabindex=\"0\">Kann ich am Eingang halten?<\/a>\n\t\t\t\t\t<\/div>\n\n\t\t\t\t\t<div id=\"elementor-tab-content-1503\" class=\"elementor-tab-content elementor-clearfix\" data-tab=\"3\" role=\"region\" aria-labelledby=\"elementor-tab-title-1503\"><p>Unser Apartmenthaus befindet sich in der Fu\u00dfg\u00e4ngerzone im Stadtzentrum, daher ist es nicht m\u00f6glich, mit dem Fahrzeug direkt vor dem Apartmenthaus zu halten. Der n\u00e4chstgelegene Parkplatz ist der Belv\u00e1rosi (Lenkey) Hof, der sich direkt hinter dem Apartmenthaus, nur 50 Meter vom Eingang entfernt, befindet.<\/p>\n<\/div>\n\t\t\t\t<\/div>\n\t\t\t\t\t\t\t<div class=\"elementor-toggle-item\">\n\t\t\t\t\t<div id=\"elementor-tab-title-1504\" class=\"elementor-tab-title\" data-tab=\"4\" role=\"button\" aria-controls=\"elementor-tab-content-1504\" aria-expanded=\"false\">\n\t\t\t\t\t\t\t\t\t\t\t\t<a class=\"elementor-toggle-title\" tabindex=\"0\">Befinden sich die Apartments im Erdgeschoss oder im Obergeschoss?<\/a>\n\t\t\t\t\t<\/div>\n\n\t\t\t\t\t<div id=\"elementor-tab-content-1504\" class=\"elementor-tab-content elementor-clearfix\" data-tab=\"4\" role=\"region\" aria-labelledby=\"elementor-tab-title-1504\"><p>Unser Apartmenthaus befindet sich im ersten Stock des Geb\u00e4udes.<\/p>\n<\/div>\n\t\t\t\t<\/div>\n\t\t\t\t\t\t\t<div class=\"elementor-toggle-item\">\n\t\t\t\t\t<div id=\"elementor-tab-title-1505\" class=\"elementor-tab-title\" data-tab=\"5\" role=\"button\" aria-controls=\"elementor-tab-content-1505\" aria-expanded=\"false\">\n\t\t\t\t\t\t\t\t\t\t\t\t<a class=\"elementor-toggle-title\" tabindex=\"0\">Gibt es einen Aufzug im Geb\u00e4ude?<\/a>\n\t\t\t\t\t<\/div>\n\n\t\t\t\t\t<div id=\"elementor-tab-content-1505\" class=\"elementor-tab-content elementor-clearfix\" data-tab=\"5\" role=\"region\" aria-labelledby=\"elementor-tab-title-1505\"><p>Nein, die Apartments sind nur \u00fcber das Treppenhaus zug\u00e4nglich!<\/p>\n<\/div>\n\t\t\t\t<\/div>\n\t\t\t\t\t\t\t\t<\/div>\n\t\t\t\t\t\t<\/div>\n\t\t\t\t<\/div>\n\t\t\t\t\t<\/div>\n\t\t<\/div>\n\t\t\t\t<div class=\"elementor-column elementor-col-50 elementor-top-column elementor-element elementor-element-35ed95cc\" data-id=\"35ed95cc\" data-element_type=\"column\" data-e-type=\"column\">\n\t\t\t<div class=\"elementor-widget-wrap elementor-element-populated\">\n\t\t\t\t\t\t<div class=\"elementor-element elementor-element-e0b256a elementor-invisible elementor-widget elementor-widget-toggle\" data-id=\"e0b256a\" data-element_type=\"widget\" data-e-type=\"widget\" data-settings=\"{&quot;_animation&quot;:&quot;fadeInRight&quot;}\" data-widget_type=\"toggle.default\">\n\t\t\t\t<div class=\"elementor-widget-container\">\n\t\t\t\t\t\t\t<div class=\"elementor-toggle\">\n\t\t\t\t\t\t\t<div class=\"elementor-toggle-item\">\n\t\t\t\t\t<div id=\"elementor-tab-title-2351\" class=\"elementor-tab-title\" data-tab=\"1\" role=\"button\" aria-controls=\"elementor-tab-content-2351\" aria-expanded=\"false\">\n\t\t\t\t\t\t\t\t\t\t\t\t<a class=\"elementor-toggle-title\" tabindex=\"0\">Sind Handt\u00fccher und Bettw\u00e4sche in den Apartments vorhanden?<\/a>\n\t\t\t\t\t<\/div>\n\n\t\t\t\t\t<div id=\"elementor-tab-content-2351\" class=\"elementor-tab-content elementor-clearfix\" data-tab=\"1\" role=\"region\" aria-labelledby=\"elementor-tab-title-2351\"><p>Alle unsere Apartments sind mit Bettw\u00e4sche ausgestattet, die Handt\u00fccher und Bettbez\u00fcge enth\u00e4lt.<\/p>\n<\/div>\n\t\t\t\t<\/div>\n\t\t\t\t\t\t\t<div class=\"elementor-toggle-item\">\n\t\t\t\t\t<div id=\"elementor-tab-title-2352\" class=\"elementor-tab-title\" data-tab=\"2\" role=\"button\" aria-controls=\"elementor-tab-content-2352\" aria-expanded=\"false\">\n\t\t\t\t\t\t\t\t\t\t\t\t<a class=\"elementor-toggle-title\" tabindex=\"0\">Gibt es einen Haartrockner und ein B\u00fcgeleisen in den Apartments?<\/a>\n\t\t\t\t\t<\/div>\n\n\t\t\t\t\t<div id=\"elementor-tab-content-2352\" class=\"elementor-tab-content elementor-clearfix\" data-tab=\"2\" role=\"region\" aria-labelledby=\"elementor-tab-title-2352\"><p>Alle unsere Apartments sind mit einem Haartrockner ausgestattet.<\/p>\n<\/div>\n\t\t\t\t<\/div>\n\t\t\t\t\t\t\t<div class=\"elementor-toggle-item\">\n\t\t\t\t\t<div id=\"elementor-tab-title-2353\" class=\"elementor-tab-title\" data-tab=\"3\" role=\"button\" aria-controls=\"elementor-tab-content-2353\" aria-expanded=\"false\">\n\t\t\t\t\t\t\t\t\t\t\t\t<a class=\"elementor-toggle-title\" tabindex=\"0\">Gibt es nach dem Check-out die M\u00f6glichkeit, das Gep\u00e4ck in einem geschlossenen Raum aufzubewahren?<\/a>\n\t\t\t\t\t<\/div>\n\n\t\t\t\t\t<div id=\"elementor-tab-content-2353\" class=\"elementor-tab-content elementor-clearfix\" data-tab=\"3\" role=\"region\" aria-labelledby=\"elementor-tab-title-2353\"><p>Nach dem Check-out k\u00f6nnen Sie Ihr Gep\u00e4ck ausschlie\u00dflich im Flur des Apartmenthauses aufbewahren.<\/p>\n<\/div>\n\t\t\t\t<\/div>\n\t\t\t\t\t\t\t<div class=\"elementor-toggle-item\">\n\t\t\t\t\t<div id=\"elementor-tab-title-2354\" class=\"elementor-tab-title\" data-tab=\"4\" role=\"button\" aria-controls=\"elementor-tab-content-2354\" aria-expanded=\"false\">\n\t\t\t\t\t\t\t\t\t\t\t\t<a class=\"elementor-toggle-title\" tabindex=\"0\">Gibt es die M\u00f6glichkeit f\u00fcr einen fr\u00fchen Check-in oder sp\u00e4ten Check-out?<\/a>\n\t\t\t\t\t<\/div>\n\n\t\t\t\t\t<div id=\"elementor-tab-content-2354\" class=\"elementor-tab-content elementor-clearfix\" data-tab=\"4\" role=\"region\" aria-labelledby=\"elementor-tab-title-2354\"><p>Diese Option erfordert eine vorherige Absprache und ist gegen einen Aufpreis verf\u00fcgbar.<\/p>\n<\/div>\n\t\t\t\t<\/div>\n\t\t\t\t\t\t\t<div class=\"elementor-toggle-item\">\n\t\t\t\t\t<div id=\"elementor-tab-title-2355\" class=\"elementor-tab-title\" data-tab=\"5\" role=\"button\" aria-controls=\"elementor-tab-content-2355\" aria-expanded=\"false\">\n\t\t\t\t\t\t\t\t\t\t\t\t<a class=\"elementor-toggle-title\" tabindex=\"0\">Sind Haustiere erlaubt?<\/a>\n\t\t\t\t\t<\/div>\n\n\t\t\t\t\t<div id=\"elementor-tab-content-2355\" class=\"elementor-tab-content elementor-clearfix\" data-tab=\"5\" role=\"region\" aria-labelledby=\"elementor-tab-title-2355\"><p>Die Gestaltung unseres Apartmenthauses erm\u00f6glicht es leider nicht, Haustiere aufzunehmen. Wir danken f\u00fcr Ihr Verst\u00e4ndnis.<\/p>\n<\/div>\n\t\t\t\t<\/div>\n\t\t\t\t\t\t\t\t<\/div>\n\t\t\t\t\t\t<\/div>\n\t\t\t\t<\/div>\n\t\t\t\t\t<\/div>\n\t\t<\/div>\n\t\t\t\t\t<\/div>\n\t\t<\/section>\n\t\t\t\t<\/div>\n\t\t","protected":false},"excerpt":{"rendered":"<p>H\u00e4ufig gestellte Fragen Wo kann man parken? Zugang und Parken Die Bewohner unserer Apartments k\u00f6nnen im Lenkey (Innenstadt) Hof parken. Die Betriebszeiten der Parkpl\u00e4tze sind: Werktags: von 8:00 bis 17:00 Uhr,Samstags: von 8:00 bis 13:00 Uhr.Vom 1. Mai bis 30. September t\u00e4glich von 8:00 bis 18:00 Uhr.360 HUF\/StundeSMS-Code f\u00fcr das Parken: +36 20\/30\/70 763-3301 F\u00fcr [&hellip;]<\/p>\n","protected":false},"author":2,"featured_media":0,"parent":0,"menu_order":0,"comment_status":"closed","ping_status":"closed","template":"elementor_header_footer","meta":{"_acf_changed":false,"inline_featured_image":false,"footnotes":""},"class_list":["post-3606005","page","type-page","status-publish","hentry"],"acf":[],"yoast_head":"<!-- This site is optimized with the Yoast SEO Premium plugin v27.5 (Yoast SEO v27.5) - https:\/\/yoast.com\/product\/yoast-seo-premium-wordpress\/ -->\n<title>FAQ - Ur\u00e1nia Apartment Eger<\/title>\n<meta name=\"description\" content=\"Antworten auf h\u00e4ufig gestellte Fragen zu unserem Apartmenthaus, den Ur\u00e1nia Apartments. - FAQ . Parken\" \/>\n<meta name=\"robots\" content=\"index, follow, max-snippet:-1, max-image-preview:large, max-video-preview:-1\" \/>\n<link rel=\"canonical\" href=\"https:\/\/uraniaegerapartman.eu\/de\/faq\/\" \/>\n<meta property=\"og:locale\" content=\"de_DE\" \/>\n<meta property=\"og:type\" content=\"article\" \/>\n<meta property=\"og:title\" content=\"FAQ\" \/>\n<meta property=\"og:description\" content=\"Antworten auf h\u00e4ufig gestellte Fragen zu unserem Apartmenthaus, den Ur\u00e1nia Apartments. - FAQ . Parken\" \/>\n<meta property=\"og:url\" content=\"https:\/\/uraniaegerapartman.eu\/de\/faq\/\" \/>\n<meta property=\"article:modified_time\" content=\"2025-05-03T18:25:22+00:00\" \/>\n<meta name=\"twitter:card\" content=\"summary_large_image\" \/>\n<meta name=\"twitter:label1\" content=\"Gesch\u00e4tzte Lesezeit\" \/>\n\t<meta name=\"twitter:data1\" content=\"2\u00a0Minuten\" \/>\n<script type=\"application\/ld+json\" class=\"yoast-schema-graph\">{\"@context\":\"https:\\\/\\\/schema.org\",\"@graph\":[{\"@type\":\"WebPage\",\"@id\":\"https:\\\/\\\/uraniaegerapartman.eu\\\/de\\\/faq\\\/\",\"url\":\"https:\\\/\\\/uraniaegerapartman.eu\\\/de\\\/faq\\\/\",\"name\":\"FAQ - Ur\u00e1nia Apartment Eger\",\"isPartOf\":{\"@id\":\"https:\\\/\\\/uraniaegerapartman.eu\\\/#website\"},\"datePublished\":\"2021-11-25T17:03:49+00:00\",\"dateModified\":\"2025-05-03T18:25:22+00:00\",\"description\":\"Antworten auf h\u00e4ufig gestellte Fragen zu unserem Apartmenthaus, den Ur\u00e1nia Apartments. - FAQ . Parken\",\"breadcrumb\":{\"@id\":\"https:\\\/\\\/uraniaegerapartman.eu\\\/de\\\/faq\\\/#breadcrumb\"},\"inLanguage\":\"de\",\"potentialAction\":[{\"@type\":\"ReadAction\",\"target\":[\"https:\\\/\\\/uraniaegerapartman.eu\\\/de\\\/faq\\\/\"]}]},{\"@type\":\"BreadcrumbList\",\"@id\":\"https:\\\/\\\/uraniaegerapartman.eu\\\/de\\\/faq\\\/#breadcrumb\",\"itemListElement\":[{\"@type\":\"ListItem\",\"position\":1,\"name\":\"Home\",\"item\":\"https:\\\/\\\/uraniaegerapartman.eu\\\/de\\\/\"},{\"@type\":\"ListItem\",\"position\":2,\"name\":\"FAQ\"}]},{\"@type\":\"WebSite\",\"@id\":\"https:\\\/\\\/uraniaegerapartman.eu\\\/#website\",\"url\":\"https:\\\/\\\/uraniaegerapartman.eu\\\/\",\"name\":\"Ur\u00e1nia Apartman Eger\",\"description\":\"Sz\u00e1ll\u00e1s A V\u00e1ros Sz\u00edv\u00e9ben\",\"publisher\":{\"@id\":\"https:\\\/\\\/uraniaegerapartman.eu\\\/#organization\"},\"potentialAction\":[{\"@type\":\"SearchAction\",\"target\":{\"@type\":\"EntryPoint\",\"urlTemplate\":\"https:\\\/\\\/uraniaegerapartman.eu\\\/?s={search_term_string}\"},\"query-input\":{\"@type\":\"PropertyValueSpecification\",\"valueRequired\":true,\"valueName\":\"search_term_string\"}}],\"inLanguage\":\"de\"},{\"@type\":\"Organization\",\"@id\":\"https:\\\/\\\/uraniaegerapartman.eu\\\/#organization\",\"name\":\"Ur\u00e1nia Apartman Eger\",\"url\":\"https:\\\/\\\/uraniaegerapartman.eu\\\/\",\"logo\":{\"@type\":\"ImageObject\",\"inLanguage\":\"de\",\"@id\":\"https:\\\/\\\/uraniaegerapartman.eu\\\/#\\\/schema\\\/logo\\\/image\\\/\",\"url\":\"https:\\\/\\\/uraniaegerapartman.eu\\\/wp-content\\\/uploads\\\/2021\\\/11\\\/UraniaLogo.png\",\"contentUrl\":\"https:\\\/\\\/uraniaegerapartman.eu\\\/wp-content\\\/uploads\\\/2021\\\/11\\\/UraniaLogo.png\",\"width\":1024,\"height\":534,\"caption\":\"Ur\u00e1nia Apartman Eger\"},\"image\":{\"@id\":\"https:\\\/\\\/uraniaegerapartman.eu\\\/#\\\/schema\\\/logo\\\/image\\\/\"}}]}<\/script>\n<!-- \/ Yoast SEO Premium plugin. -->","yoast_head_json":{"title":"FAQ - Ur\u00e1nia Apartment Eger","description":"Antworten auf h\u00e4ufig gestellte Fragen zu unserem Apartmenthaus, den Ur\u00e1nia Apartments. - FAQ . Parken","robots":{"index":"index","follow":"follow","max-snippet":"max-snippet:-1","max-image-preview":"max-image-preview:large","max-video-preview":"max-video-preview:-1"},"canonical":"https:\/\/uraniaegerapartman.eu\/de\/faq\/","og_locale":"de_DE","og_type":"article","og_title":"FAQ","og_description":"Antworten auf h\u00e4ufig gestellte Fragen zu unserem Apartmenthaus, den Ur\u00e1nia Apartments. - FAQ . Parken","og_url":"https:\/\/uraniaegerapartman.eu\/de\/faq\/","article_modified_time":"2025-05-03T18:25:22+00:00","twitter_card":"summary_large_image","twitter_misc":{"Gesch\u00e4tzte Lesezeit":"2\u00a0Minuten"},"schema":{"@context":"https:\/\/schema.org","@graph":[{"@type":"WebPage","@id":"https:\/\/uraniaegerapartman.eu\/de\/faq\/","url":"https:\/\/uraniaegerapartman.eu\/de\/faq\/","name":"FAQ - Ur\u00e1nia Apartment Eger","isPartOf":{"@id":"https:\/\/uraniaegerapartman.eu\/#website"},"datePublished":"2021-11-25T17:03:49+00:00","dateModified":"2025-05-03T18:25:22+00:00","description":"Antworten auf h\u00e4ufig gestellte Fragen zu unserem Apartmenthaus, den Ur\u00e1nia Apartments. - FAQ . Parken","breadcrumb":{"@id":"https:\/\/uraniaegerapartman.eu\/de\/faq\/#breadcrumb"},"inLanguage":"de","potentialAction":[{"@type":"ReadAction","target":["https:\/\/uraniaegerapartman.eu\/de\/faq\/"]}]},{"@type":"BreadcrumbList","@id":"https:\/\/uraniaegerapartman.eu\/de\/faq\/#breadcrumb","itemListElement":[{"@type":"ListItem","position":1,"name":"Home","item":"https:\/\/uraniaegerapartman.eu\/de\/"},{"@type":"ListItem","position":2,"name":"FAQ"}]},{"@type":"WebSite","@id":"https:\/\/uraniaegerapartman.eu\/#website","url":"https:\/\/uraniaegerapartman.eu\/","name":"Ur\u00e1nia Apartman Eger","description":"Sz\u00e1ll\u00e1s A V\u00e1ros Sz\u00edv\u00e9ben","publisher":{"@id":"https:\/\/uraniaegerapartman.eu\/#organization"},"potentialAction":[{"@type":"SearchAction","target":{"@type":"EntryPoint","urlTemplate":"https:\/\/uraniaegerapartman.eu\/?s={search_term_string}"},"query-input":{"@type":"PropertyValueSpecification","valueRequired":true,"valueName":"search_term_string"}}],"inLanguage":"de"},{"@type":"Organization","@id":"https:\/\/uraniaegerapartman.eu\/#organization","name":"Ur\u00e1nia Apartman Eger","url":"https:\/\/uraniaegerapartman.eu\/","logo":{"@type":"ImageObject","inLanguage":"de","@id":"https:\/\/uraniaegerapartman.eu\/#\/schema\/logo\/image\/","url":"https:\/\/uraniaegerapartman.eu\/wp-content\/uploads\/2021\/11\/UraniaLogo.png","contentUrl":"https:\/\/uraniaegerapartman.eu\/wp-content\/uploads\/2021\/11\/UraniaLogo.png","width":1024,"height":534,"caption":"Ur\u00e1nia Apartman Eger"},"image":{"@id":"https:\/\/uraniaegerapartman.eu\/#\/schema\/logo\/image\/"}}]}},"_links":{"self":[{"href":"https:\/\/uraniaegerapartman.eu\/de\/wp-json\/wp\/v2\/pages\/3606005","targetHints":{"allow":["GET"]}}],"collection":[{"href":"https:\/\/uraniaegerapartman.eu\/de\/wp-json\/wp\/v2\/pages"}],"about":[{"href":"https:\/\/uraniaegerapartman.eu\/de\/wp-json\/wp\/v2\/types\/page"}],"author":[{"embeddable":true,"href":"https:\/\/uraniaegerapartman.eu\/de\/wp-json\/wp\/v2\/users\/2"}],"replies":[{"embeddable":true,"href":"https:\/\/uraniaegerapartman.eu\/de\/wp-json\/wp\/v2\/comments?post=3606005"}],"version-history":[{"count":2,"href":"https:\/\/uraniaegerapartman.eu\/de\/wp-json\/wp\/v2\/pages\/3606005\/revisions"}],"predecessor-version":[{"id":3606044,"href":"https:\/\/uraniaegerapartman.eu\/de\/wp-json\/wp\/v2\/pages\/3606005\/revisions\/3606044"}],"wp:attachment":[{"href":"https:\/\/uraniaegerapartman.eu\/de\/wp-json\/wp\/v2\/media?parent=3606005"}],"curies":[{"name":"wp","href":"https:\/\/api.w.org\/{rel}","templated":true}]}}